{"id":447,"date":"2018-12-19T13:28:03","date_gmt":"2018-12-19T17:28:03","guid":{"rendered":"http:\/\/www.cc.pol.una.py\/?page_id=447"},"modified":"2019-10-13T18:35:56","modified_gmt":"2019-10-13T22:35:56","slug":"calendario-2019-promocion-2018","status":"publish","type":"page","link":"https:\/\/nidtec.pol.una.py\/index.php\/calendario-2019-promocion-2018\/","title":{"rendered":"Calendario 2019, Postgrado Cient\u00edfico"},"content":{"rendered":"<p>&nbsp;<\/p>\n<table width=\"740\">\n<tbody>\n<tr>\n<td colspan=\"3\" width=\"577\">&nbsp;<\/p>\n<p><strong>SEMESTRE 1<\/strong><\/p>\n<p>&nbsp;<\/td>\n<td width=\"163\"><strong>Horarios<\/strong><\/td>\n<\/tr>\n<tr>\n<td rowspan=\"2\" width=\"61\"><strong>26\/11\/18<\/strong><br \/>\n<strong>&#8211;<\/strong><br \/>\n<strong>29\/12\/18<\/strong><\/td>\n<td rowspan=\"2\" width=\"22\"><strong>I<\/strong><\/td>\n<td width=\"494\"><a href=\"http:\/\/www.cc.pol.una.py\/wp-content\/uploads\/2018\/12\/taller-prog.pdf\"><strong>Taller de Programaci\u00f3n<\/strong><\/a><strong>\u00a0<\/strong>(20hs)<\/p>\n<p>(Diego Stadler)<\/td>\n<td width=\"163\">Lunes 16:30 &#8211; 18:30<br \/>\nMi\u00e9rcoles 16:30 &#8211; 18:30<\/td>\n<\/tr>\n<tr>\n<td width=\"494\"><a href=\"http:\/\/www.cc.pol.una.py\/wp-content\/uploads\/2018\/12\/mat-discretas-2017.pdf\"><strong>Matem\u00e1ticas Discretas<\/strong><\/a><strong>\u00a0\u00a0<\/strong>(40hs)<\/p>\n<p>(Inocencio Ortiz)<\/td>\n<td width=\"163\">Lunes 13:30 &#8211; 16:50<br \/>\nMartes 08:00 &#8211; 11:20<br \/>\nJueves 08:00 &#8211; 11:20<\/td>\n<\/tr>\n<tr>\n<td rowspan=\"8\" width=\"61\"><strong>1\/2\/19<\/strong><br \/>\n<strong>&#8211;<\/strong><br \/>\n<strong>31\/3\/19<\/strong><\/td>\n<td rowspan=\"8\" width=\"22\"><strong>II<\/strong><\/td>\n<td rowspan=\"2\" width=\"494\"><a href=\"http:\/\/www.cc.pol.una.py\/wp-content\/uploads\/2018\/12\/algebra-lineal-2017.pdf\"><strong>\u00c1lgebra Lineal<\/strong><\/a><strong>\u00a0<\/strong>(40hs)<\/p>\n<p>(Inocencio Ortiz)<\/td>\n<td width=\"163\">Martes 14:00 &#8211; 16:00<br \/>\nJueves 14:00 &#8211; 17:00<\/td>\n<\/tr>\n<tr>\n<td width=\"163\"><strong>1ra. Clase:<\/strong>\u00a05-Feb-19<\/td>\n<\/tr>\n<tr>\n<td rowspan=\"2\" width=\"494\"><a href=\"http:\/\/www.cc.pol.una.py\/wp-content\/uploads\/2018\/12\/ing-software1.pdf\"><strong>Ingenier\u00eda de Software<\/strong><\/a><strong>\u00a0<\/strong>(40hs)<\/p>\n<p>(Cynthia Villalba)<\/td>\n<td width=\"163\">Febrero<br \/>\nMartes 9:45 &#8211; 11:45<br \/>\nMi\u00e9rcoles 9:45 &#8211; 11:45<br \/>\nJueves 9:45 &#8211; 11:45Marzo<br \/>\nMi\u00e9rcoles\u00a09:45 &#8211; 11:45<br \/>\nJueves\u00a09:45 &#8211; 11:45<br \/>\nViernes\u00a09:45 &#8211; 11:45<\/td>\n<\/tr>\n<tr>\n<td width=\"163\"><strong>1ra. Clase:\u00a0<\/strong>5-Feb-19<\/td>\n<\/tr>\n<tr>\n<td rowspan=\"2\" width=\"494\"><a href=\"http:\/\/www.cc.pol.una.py\/wp-content\/uploads\/2018\/12\/met-inv-practica.pdf\"><strong>Metodolog\u00eda de la Investigaci\u00f3n<\/strong><\/a><strong>\u00a0<\/strong>(30hs)<\/p>\n<p>(<a href=\"http:\/\/cvbaran.cba.com.py\/\">Benjam\u00edn Bar\u00e1n<\/a>)<\/p>\n<p>[<a href=\"http:\/\/www.cc.pol.una.py\/wp-content\/uploads\/2019\/01\/Curso-Investigacion-FPUNA-2019.xlsx\">Programa<\/a>]<\/td>\n<td width=\"163\">Jueves 18:00 &#8211; 22:00<\/td>\n<\/tr>\n<tr>\n<td width=\"163\"><strong>1ra. Clase:<\/strong>\u00a07-Feb-19<\/td>\n<\/tr>\n<tr>\n<td rowspan=\"2\" width=\"494\"><strong>Introducci\u00f3n a las Ciencias de la Computaci\u00f3n\u00a0<\/strong>(20hs)<\/p>\n<p>(Jos\u00e9 Colbes, Enrique D\u00e1valos,\u00a0<a href=\"http:\/\/www.cc.pol.una.py\/~cschaer\/index.html\">Christian Schaerer<\/a>, Christian von L\u00fccken)<\/td>\n<td width=\"163\">Martes 8:00 &#8211; 12:00<\/td>\n<\/tr>\n<tr>\n<td width=\"163\"><strong>1ra. Clase:<\/strong>\u00a05-Mar-19<\/td>\n<\/tr>\n<tr>\n<td rowspan=\"12\" width=\"61\"><strong>1\/4\/19<\/strong><br \/>\n<strong>&#8211;<\/strong><br \/>\n<strong>31\/5\/19<\/strong><\/td>\n<td rowspan=\"12\" width=\"22\"><strong>III<\/strong><\/td>\n<td rowspan=\"2\" width=\"494\"><a href=\"http:\/\/www.cc.pol.una.py\/wp-content\/uploads\/2018\/12\/algoritmos.pdf\"><strong>Algoritmos<\/strong><\/a><strong>\u00a0<\/strong>(40hs)<\/p>\n<p>(Jos\u00e9 Colbes)<\/td>\n<td width=\"163\">Martes 08:30 &#8211; 10:30<br \/>\nMi\u00e9rcoles 08:30 &#8211; 10:00<br \/>\nViernes 08:30 &#8211; 10:30<br \/>\n(primeras dos semanas)Martes 8:30 &#8211; 10:30<br \/>\nViernes -8:30 &#8211; 10:30<br \/>\n(resto del curso)<\/td>\n<\/tr>\n<tr>\n<td width=\"163\"><strong>1ra. Clase:<\/strong>\u00a02-Abr-19<\/td>\n<\/tr>\n<tr>\n<td rowspan=\"2\" width=\"494\"><a href=\"http:\/\/www.cc.pol.una.py\/wp-content\/uploads\/2018\/12\/metodos-numericos-2017.pdf\"><strong>M\u00e9todos Num\u00e9ricos<\/strong><\/a><strong>\u00a0<\/strong>(40hs)<\/p>\n<p>(Inocencio Ortiz)<\/td>\n<td width=\"163\">Martes 14:00 &#8211; 16:00<br \/>\nJueves 14:00 &#8211; 17:00<\/td>\n<\/tr>\n<tr>\n<td width=\"163\"><strong>1ra. Clase:<\/strong>\u00a02-Abr-19<\/td>\n<\/tr>\n<tr>\n<td rowspan=\"2\" width=\"494\"><strong>Estad\u00edsticas<\/strong>\u00a0(20hs)<\/p>\n<p>(Diego Stadler)<\/td>\n<td width=\"163\">Mi\u00e9rcoles 16:00 &#8211; 18:30<br \/>\nViernes 16:00 &#8211; 18:30<\/td>\n<\/tr>\n<tr>\n<td width=\"163\"><strong>1ra. Clase:<\/strong>\u00a03-May-19<\/td>\n<\/tr>\n<tr>\n<td rowspan=\"2\" width=\"494\"><a href=\"http:\/\/www.cc.pol.una.py\/wp-content\/uploads\/2018\/12\/biomateriales.pdf\"><strong>Ciencia de los Materiales<\/strong><\/a><strong>\u00a0<\/strong>(40hs)<\/p>\n<p>(Magna Monteiro)<\/td>\n<td width=\"163\">Lunes 10:00 &#8211; 12:00<br \/>\nMi\u00e9rcoles 10:00 &#8211; 12:00<\/td>\n<\/tr>\n<tr>\n<td width=\"163\"><strong>1ra. Clase:<\/strong>\u00a01-Abr-19<\/td>\n<\/tr>\n<tr>\n<td rowspan=\"2\" width=\"494\"><strong>Introducci\u00f3n a la Geometr\u00eda Diferencial<\/strong> (10hs)<\/p>\n<p>(Inocencio Ortiz)<\/td>\n<td width=\"163\">6-May-19 al 10-May-19<\/p>\n<p>08:00 \u2013 09:30<\/td>\n<\/tr>\n<tr>\n<td width=\"163\"><strong>1ra. Clase:<\/strong>\u00a06-May-19<\/p>\n<p><strong>Lugar:<\/strong>\u00a0FIUNA<\/td>\n<\/tr>\n<tr>\n<td rowspan=\"2\" width=\"494\"><strong>Introducci\u00f3n a la Geometr\u00eda Algebraica<\/strong> (10hs)<\/p>\n<p>(Alejandro Giangreco, Inocencio Ortiz)<\/td>\n<td width=\"163\">6-May-19 al 10-May-19<\/p>\n<p>10:00 \u2013 11:30<\/td>\n<\/tr>\n<tr>\n<td width=\"163\"><strong>1ra. Clase:<\/strong>\u00a06-May-19<\/p>\n<p><strong>Lugar:<\/strong>\u00a0FIUNA<\/td>\n<\/tr>\n<tr>\n<td colspan=\"3\" width=\"577\">&nbsp;<\/p>\n<p><strong>SEMESTRE 2<\/strong><\/p>\n<p>&nbsp;<\/td>\n<td width=\"163\"><strong>Horarios<\/strong><\/td>\n<\/tr>\n<tr>\n<td rowspan=\"8\" width=\"61\"><strong>1\/6\/19<\/strong><br \/>\n<strong>&#8211;<\/strong><br \/>\n<strong>31\/7\/19<\/strong><\/td>\n<td rowspan=\"8\" width=\"22\"><strong>I<\/strong><\/td>\n<td rowspan=\"2\" width=\"494\"><a href=\"http:\/\/www.cc.pol.una.py\/wp-content\/uploads\/2018\/12\/proc-digital-imagenes-2017.pdf\"><strong>Procesamiento Digital de Im\u00e1genes<\/strong><\/a><strong>\u00a0<\/strong>(40hs)<\/p>\n<p>(Horacio Legal)<\/td>\n<td width=\"163\">Martes 14:00 \u2013 17:20<\/p>\n<p>Jueves 14:00 \u2013 17:20<\/td>\n<\/tr>\n<tr>\n<td width=\"163\"><strong>1ra. Clase:<\/strong> 4-Jun-19<\/td>\n<\/tr>\n<tr>\n<td rowspan=\"2\" width=\"494\"><a href=\"http:\/\/www.cc.pol.una.py\/wp-content\/uploads\/2018\/12\/optimizacion.pdf\"><strong>Optimizaci\u00f3n<\/strong><\/a><strong>\u00a0<\/strong>(40hs)<\/p>\n<p>(Rolando Cuevas)<\/td>\n<td width=\"163\">Martes 17:30 \u2013 20:00<\/p>\n<p>Jueves 17:30 \u2013 20:00<\/td>\n<\/tr>\n<tr>\n<td width=\"163\"><strong>1ra. Clase:<\/strong> 4-Jun-19<\/td>\n<\/tr>\n<tr>\n<td rowspan=\"2\" width=\"494\"><a href=\"http:\/\/www.cc.pol.una.py\/wp-content\/uploads\/2018\/12\/topo-adn.pdf\"><strong>Topolog\u00eda del ADN<\/strong><\/a><strong>\u00a0<\/strong>(20hs)<\/p>\n<p>(Mar\u00eda Jos\u00e9 Fern\u00e1ndez)<\/td>\n<td width=\"163\">Lunes 13:00 \u2013 15:00<\/p>\n<p>Mi\u00e9rcoles 13:00 \u2013 15:00<\/p>\n<p>Viernes 13:00 \u2013 16:00<\/td>\n<\/tr>\n<tr>\n<td width=\"163\"><strong>1ra. Clase:<\/strong> 12-Jul-19<\/td>\n<\/tr>\n<tr>\n<td rowspan=\"2\" width=\"494\"><strong>Probabilidades<\/strong>\u00a0(40hs)<\/p>\n<p>(Sebasti\u00e1n Grillo)<\/td>\n<td width=\"163\">Mi\u00e9rcoles 15:00 \u2013 20:00<\/td>\n<\/tr>\n<tr>\n<td width=\"163\"><strong>1ra. Clase:<\/strong> 5-Jun-2019<\/td>\n<\/tr>\n<tr>\n<td rowspan=\"5\" width=\"61\"><strong>1\/8\/19<\/strong><br \/>\n<strong>&#8211;<\/strong><br \/>\n<strong><del>30\/9\/19<\/del><br \/>\n<span style=\"color: #ff0000;\">31\/10\/19<\/span><\/strong><\/td>\n<td rowspan=\"5\" width=\"22\"><strong>II<\/strong><\/td>\n<td width=\"494\"><strong>Seguridad Computacional<\/strong>\u00a0(20hs)<\/p>\n<p>(Cristian Cappo)<\/td>\n<td width=\"163\">Mi\u00e9rcoles y Viernes 10:00 \u2013 12:00<\/p>\n<hr \/>\n<p><strong>1ra. Clase:<\/strong>\u00a014-Ago-19<\/td>\n<\/tr>\n<tr>\n<td width=\"494\"><a href=\"http:\/\/www.cc.pol.una.py\/wp-content\/uploads\/2018\/12\/toc.pdf\"><strong>Algoritmos Avanzados<\/strong><\/a><strong>\u00a0<\/strong>(40hs)<\/p>\n<p>(Sebasti\u00e1n Grillo)<\/td>\n<td width=\"163\">Mi\u00e9rcoles 15:00 \u2013 20:00<\/p>\n<hr \/>\n<p><strong>1ra. Clase:<\/strong> 7-Ago-19<\/td>\n<\/tr>\n<tr>\n<td width=\"494\"><strong>An\u00e1lisis Real<\/strong>\u00a0(40hs)<\/p>\n<p>(Inocencio Ortiz)<\/td>\n<td width=\"163\">Martes 14:00 \u2013 17:00<\/p>\n<p>Jueves 15:00 \u2013 17:00<\/p>\n<hr \/>\n<p><strong>1ra. Clase:<\/strong> 6-Ago-19<\/td>\n<\/tr>\n<tr>\n<td width=\"494\"><a href=\"http:\/\/www.cc.pol.una.py\/wp-content\/uploads\/2018\/12\/algoritmos-evolutivos.pdf\"><strong>Algoritmos Evolutivos<\/strong><\/a><strong>\u00a0<\/strong>(40hs)<\/p>\n<p>(Christian von L\u00fccken)<\/td>\n<td width=\"163\">Martes 10:00 \u2013 12:00<\/p>\n<p>Jueves 09:00 \u2013 12:00<\/p>\n<hr \/>\n<p><strong>1ra. Clase:<\/strong> 6-Ago-19<\/td>\n<\/tr>\n<tr>\n<td width=\"494\"><strong>Procesamiento Digital de Im\u00e1genes II<\/strong> (40hs)<\/p>\n<p>(Jos\u00e9 Luis V\u00e1zquez)<\/td>\n<td width=\"163\">Martes 17:00 \u2013 20:00<\/p>\n<p>Jueves 17:00 \u2013 19:00<\/p>\n<hr \/>\n<p><strong>1ra. Clase:<\/strong> 1-Ago-19<\/td>\n<\/tr>\n<tr>\n<td rowspan=\"3\" width=\"61\"><strong><del>1\/10\/19<\/del><br \/>\n<span style=\"color: #ff0000;\">1\/11\/19<\/span><br \/>\n<\/strong><strong>&#8211;<\/strong><br \/>\n<strong>27\/12\/19<br \/>\n<\/strong><\/td>\n<td rowspan=\"3\" width=\"22\"><strong>III<\/strong><\/td>\n<td width=\"494\"><a href=\"http:\/\/www.cc.pol.una.py\/wp-content\/uploads\/2018\/12\/Curso-corto-de-computaci%C3%B3n-cuantica.pdf\"><strong>Introducci\u00f3n a la Computaci\u00f3n Cu\u00e1ntica<\/strong><\/a><strong>\u00a0<\/strong>(20hs)<\/p>\n<p>(Benjam\u00edn Bar\u00e1n)<\/p>\n<p>[<a href=\"http:\/\/www.cc.pol.una.py\/wp-content\/uploads\/2019\/10\/Clases-2019.xls\">Agenda del curso<\/a>]<\/td>\n<td width=\"163\">Mi\u00e9rcoles 9:00 &#8211; 12:00 y 13:00 &#8211; 15:00<\/p>\n<hr \/>\n<p><strong>1ra. Clase:<\/strong> 6-Nov-19<\/td>\n<\/tr>\n<tr>\n<td width=\"494\"><strong>T\u00f3picos avanzados en procesamiento digital de im\u00e1genes<\/strong> (40hs)<\/p>\n<p>(Jos\u00e9 Luis V\u00e1zquez)<\/td>\n<td width=\"163\">Martes 17:00 &#8211; 20:00<\/p>\n<p>Jueves 17:00 &#8211; 19:00<\/p>\n<hr \/>\n<p><strong>1ra. Clase:<\/strong> 5-Nov-19<\/td>\n<\/tr>\n<tr>\n<td width=\"494\"><strong>Seminarios STIC-MATH AmSud 2019 <\/strong>(10hs)<\/p>\n<p>(<a href=\"https:\/\/www.conacyt.gov.py\/seminario-mathamsud?fbclid=IwAR0ISbFUpNrZwYIUK6eAXrBUW_sia5zxg1k1kPH6cyBvAXXQHP2RJwPXUCY\">m\u00e1s informaci\u00f3n<\/a>)<\/td>\n<td width=\"163\">Martes 22 de Octubre<\/p>\n<p>Mi\u00e9rcoles 23 de Octubre<\/td>\n<\/tr>\n<tr>\n<td colspan=\"2\" width=\"83\"><strong>1<\/strong><strong>\/12\/2019<\/strong><\/p>\n<p><strong>&#8211;<\/strong><\/p>\n<p><strong>20\/12\/2019<\/strong><\/td>\n<td width=\"494\"><strong>Seminario de Tesis <\/strong>(10hs)<\/p>\n<p>(Jos\u00e9 Colbes)<\/td>\n<td width=\"163\">TBD<\/td>\n<\/tr>\n<\/tbody>\n<\/table>\n<p>&nbsp;<\/p>\n","protected":false},"excerpt":{"rendered":"<p>&nbsp; &nbsp; SEMESTRE 1 &nbsp; Horarios 26\/11\/18 &#8211; 29\/12\/18 I Taller de Programaci\u00f3n\u00a0(20hs) (Diego Stadler) Lunes 16:30 &#8211; 18:30 Mi\u00e9rcoles 16:30 &#8211; 18:30 Matem\u00e1ticas Discretas\u00a0\u00a0(40hs) (Inocencio Ortiz) Lunes 13:30 &#8211; 16:50 Martes 08:00 &#8211; 11:20 Jueves 08:00 &#8211; 11:20 1\/2\/19 <a href=\"https:\/\/nidtec.pol.una.py\/index.php\/calendario-2019-promocion-2018\/\" class=\"read-more\">Leer m\u00e1s&#8230;<\/a><\/p>\n","protected":false},"author":3,"featured_media":0,"parent":0,"menu_order":0,"comment_status":"closed","ping_status":"closed","template":"","meta":{"footnotes":""},"class_list":["post-447","page","type-page","status-publish","hentry"],"_links":{"self":[{"href":"https:\/\/nidtec.pol.una.py\/index.php\/wp-json\/wp\/v2\/pages\/447","targetHints":{"allow":["GET"]}}],"collection":[{"href":"https:\/\/nidtec.pol.una.py\/index.php\/wp-json\/wp\/v2\/pages"}],"about":[{"href":"https:\/\/nidtec.pol.una.py\/index.php\/wp-json\/wp\/v2\/types\/page"}],"author":[{"embeddable":true,"href":"https:\/\/nidtec.pol.una.py\/index.php\/wp-json\/wp\/v2\/users\/3"}],"replies":[{"embeddable":true,"href":"https:\/\/nidtec.pol.una.py\/index.php\/wp-json\/wp\/v2\/comments?post=447"}],"version-history":[{"count":104,"href":"https:\/\/nidtec.pol.una.py\/index.php\/wp-json\/wp\/v2\/pages\/447\/revisions"}],"predecessor-version":[{"id":698,"href":"https:\/\/nidtec.pol.una.py\/index.php\/wp-json\/wp\/v2\/pages\/447\/revisions\/698"}],"wp:attachment":[{"href":"https:\/\/nidtec.pol.una.py\/index.php\/wp-json\/wp\/v2\/media?parent=447"}],"curies":[{"name":"wp","href":"https:\/\/api.w.org\/{rel}","templated":true}]}}